{"id":144,"date":"2023-06-07T01:28:14","date_gmt":"2023-06-07T00:28:14","guid":{"rendered":"https:\/\/thevoice.wordifysites.com\/?page_id=144"},"modified":"2023-06-07T01:28:14","modified_gmt":"2023-06-07T00:28:14","slug":"home","status":"publish","type":"page","link":"https:\/\/monpremierkilo.fr\/blog\/","title":{"rendered":"Home"},"content":{"rendered":"<section class=\"gb-container gb-container-a127074a\">\n<div class=\"gb-grid-wrapper gb-grid-wrapper-191dd83a\">\n<div class=\"gb-grid-column gb-grid-column-55c55220\"><section class=\"gb-container gb-container-55c55220\">\n\n<div class=\"gb-grid-wrapper gb-grid-wrapper-7e5e2494 gb-query-loop-wrapper\">\n<div class=\"gb-grid-column gb-grid-column-ba09f40c gb-query-loop-item post-2279 post type-post status-publish format-standard has-post-thumbnail hentry category-jeune-intermittent-flexibilite-metabolique\"><article class=\"gb-container gb-container-ba09f40c\">\n<div class=\"gb-container gb-container-9ee491ff\">\n<p class=\"gb-headline gb-headline-397ee59b gb-headline-text\"><time class=\"entry-date published\" datetime=\"2026-01-02T14:19:45+00:00\">2 janvier 2026<\/time><\/p>\n\n<div class=\"gb-container gb-container-35ff4da0\"><\/div>\n<\/div>\n\n<h2 class=\"gb-headline gb-headline-c4917338 gb-headline-text\"><a href=\"https:\/\/monpremierkilo.fr\/blog\/jeune-intermittent-au-feminin-ecouter-son-corps-sans-perdre-la-tete-ni-la-motivation\/\">Je\u00fbne intermittent au f\u00e9minin : \u00e9couter son corps sans perdre la t\u00eate ni la motivation<\/a><\/h2>\n\n<p class=\"gb-headline gb-headline-2831661c gb-headline-text\"><a href=\"https:\/\/monpremierkilo.fr\/blog\/author\/chiaramoretti\/\">Chiara Moretti<\/a><\/p>\n<\/article><\/div>\n\n<div class=\"gb-grid-column gb-grid-column-ba09f40c gb-query-loop-item post-2277 post type-post status-publish format-standard has-post-thumbnail hentry category-jeune-intermittent-flexibilite-metabolique\"><article class=\"gb-container gb-container-ba09f40c\">\n<div class=\"gb-container gb-container-9ee491ff\">\n<p class=\"gb-headline gb-headline-397ee59b gb-headline-text\"><time class=\"entry-date published\" datetime=\"2026-01-02T12:22:10+00:00\">2 janvier 2026<\/time><\/p>\n\n<div class=\"gb-container gb-container-35ff4da0\"><\/div>\n<\/div>\n\n<h2 class=\"gb-headline gb-headline-c4917338 gb-headline-text\"><a href=\"https:\/\/monpremierkilo.fr\/blog\/comment-le-jeune-intermittent-peut-respecter-votre-chronotype-pour-booster-votre-metabolisme\/\">Comment le je\u00fbne intermittent peut respecter votre chronotype pour booster votre m\u00e9tabolisme<\/a><\/h2>\n\n<p class=\"gb-headline gb-headline-2831661c gb-headline-text\"><a href=\"https:\/\/monpremierkilo.fr\/blog\/author\/chiaramoretti\/\">Chiara Moretti<\/a><\/p>\n<\/article><\/div>\n\n<div class=\"gb-grid-column gb-grid-column-ba09f40c gb-query-loop-item post-2275 post type-post status-publish format-standard has-post-thumbnail hentry category-jeune-intermittent-flexibilite-metabolique\"><article class=\"gb-container gb-container-ba09f40c\">\n<div class=\"gb-container gb-container-9ee491ff\">\n<p class=\"gb-headline gb-headline-397ee59b gb-headline-text\"><time class=\"entry-date published\" datetime=\"2025-12-31T06:20:52+00:00\">31 d\u00e9cembre 2025<\/time><\/p>\n\n<div class=\"gb-container gb-container-35ff4da0\"><\/div>\n<\/div>\n\n<h2 class=\"gb-headline gb-headline-c4917338 gb-headline-text\"><a href=\"https:\/\/monpremierkilo.fr\/blog\/metabolisme-capricieux-et-jeune-intermittent-comment-trouver-votre-rythme-sans-stress\/\">M\u00e9tabolisme capricieux et je\u00fbne intermittent : comment trouver votre rythme sans stress<\/a><\/h2>\n\n<p class=\"gb-headline gb-headline-2831661c gb-headline-text\"><a href=\"https:\/\/monpremierkilo.fr\/blog\/author\/chiaramoretti\/\">Chiara Moretti<\/a><\/p>\n<\/article><\/div>\n\n<div class=\"gb-grid-column gb-grid-column-ba09f40c gb-query-loop-item post-2273 post type-post status-publish format-standard has-post-thumbnail hentry category-jeune-intermittent-flexibilite-metabolique\"><article class=\"gb-container gb-container-ba09f40c\">\n<div class=\"gb-container gb-container-9ee491ff\">\n<p class=\"gb-headline gb-headline-397ee59b gb-headline-text\"><time class=\"entry-date published\" datetime=\"2025-12-28T22:20:52+00:00\">28 d\u00e9cembre 2025<\/time><\/p>\n\n<div class=\"gb-container gb-container-35ff4da0\"><\/div>\n<\/div>\n\n<h2 class=\"gb-headline gb-headline-c4917338 gb-headline-text\"><a href=\"https:\/\/monpremierkilo.fr\/blog\/le-jeune-au-feminin-adapter-votre-rythme-pour-des-resultats-durables\/\">Le je\u00fbne au f\u00e9minin : adapter votre rythme pour des r\u00e9sultats durables<\/a><\/h2>\n\n<p class=\"gb-headline gb-headline-2831661c gb-headline-text\"><a href=\"https:\/\/monpremierkilo.fr\/blog\/author\/chiaramoretti\/\">Chiara Moretti<\/a><\/p>\n<\/article><\/div>\n\n<div class=\"gb-grid-column gb-grid-column-ba09f40c gb-query-loop-item post-2271 post type-post status-publish format-standard has-post-thumbnail hentry category-jeune-intermittent-flexibilite-metabolique\"><article class=\"gb-container gb-container-ba09f40c\">\n<div class=\"gb-container gb-container-9ee491ff\">\n<p class=\"gb-headline gb-headline-397ee59b gb-headline-text\"><time class=\"entry-date published\" datetime=\"2025-12-26T14:20:52+00:00\">26 d\u00e9cembre 2025<\/time><\/p>\n\n<div class=\"gb-container gb-container-35ff4da0\"><\/div>\n<\/div>\n\n<h2 class=\"gb-headline gb-headline-c4917338 gb-headline-text\"><a href=\"https:\/\/monpremierkilo.fr\/blog\/jeune-intermittent-et-papilles-en-fete-manger-en-conscience-sans-se-priver\/\">Je\u00fbne intermittent et papilles en f\u00eate : manger en conscience sans se priver<\/a><\/h2>\n\n<p class=\"gb-headline gb-headline-2831661c gb-headline-text\"><a href=\"https:\/\/monpremierkilo.fr\/blog\/author\/chiaramoretti\/\">Chiara Moretti<\/a><\/p>\n<\/article><\/div>\n\n<div class=\"gb-grid-column gb-grid-column-ba09f40c gb-query-loop-item post-2269 post type-post status-publish format-standard has-post-thumbnail hentry category-jeune-intermittent-flexibilite-metabolique\"><article class=\"gb-container gb-container-ba09f40c\">\n<div class=\"gb-container gb-container-9ee491ff\">\n<p class=\"gb-headline gb-headline-397ee59b gb-headline-text\"><time class=\"entry-date published\" datetime=\"2025-12-26T12:24:00+00:00\">26 d\u00e9cembre 2025<\/time><\/p>\n\n<div class=\"gb-container gb-container-35ff4da0\"><\/div>\n<\/div>\n\n<h2 class=\"gb-headline gb-headline-c4917338 gb-headline-text\"><a href=\"https:\/\/monpremierkilo.fr\/blog\/pourquoi-votre-rythme-biologique-est-votre-meilleur-allie-pour-reussir-le-jeune-intermittent\/\">Pourquoi votre rythme biologique est votre meilleur alli\u00e9 pour r\u00e9ussir le je\u00fbne intermittent<\/a><\/h2>\n\n<p class=\"gb-headline gb-headline-2831661c gb-headline-text\"><a href=\"https:\/\/monpremierkilo.fr\/blog\/author\/chiaramoretti\/\">Chiara Moretti<\/a><\/p>\n<\/article><\/div>\n<\/div>\n\n<\/section><\/div>\n\n<div class=\"gb-grid-column gb-grid-column-97a0d26a\"><section class=\"gb-container gb-container-97a0d26a\">\n\n<div class=\"gb-grid-wrapper gb-grid-wrapper-d21a15ca gb-query-loop-wrapper\">\n<div class=\"gb-grid-column gb-grid-column-3f272286 gb-query-loop-item post-2285 post type-post status-publish format-standard has-post-thumbnail hentry category-jeune-intermittent-flexibilite-metabolique\"><article class=\"gb-container gb-container-3f272286\">\n<figure class=\"gb-block-image gb-block-image-33b45d01\"><a href=\"https:\/\/monpremierkilo.fr\/blog\/le-jeune-intermittent-au-feminin-astuces-pour-respecter-vos-hormones-et-votre-energie\/\"><img loading=\"lazy\" decoding=\"async\" width=\"1024\" height=\"683\" src=\"https:\/\/monpremierkilo.fr\/blog\/wp-content\/uploads\/2026\/01\/le-jeune-intermittent-au-feminin-astuces-pour-respecter-vos-hormones-et-votre-energie-1024x683.jpg\" class=\"gb-image-33b45d01\" alt=\"Le je\u00fbne intermittent au f\u00e9minin : astuces pour respecter vos hormones et votre \u00e9nergie\" srcset=\"https:\/\/monpremierkilo.fr\/blog\/wp-content\/uploads\/2026\/01\/le-jeune-intermittent-au-feminin-astuces-pour-respecter-vos-hormones-et-votre-energie-1024x683.jpg 1024w, https:\/\/monpremierkilo.fr\/blog\/wp-content\/uploads\/2026\/01\/le-jeune-intermittent-au-feminin-astuces-pour-respecter-vos-hormones-et-votre-energie-300x200.jpg 300w, https:\/\/monpremierkilo.fr\/blog\/wp-content\/uploads\/2026\/01\/le-jeune-intermittent-au-feminin-astuces-pour-respecter-vos-hormones-et-votre-energie-768x512.jpg 768w, https:\/\/monpremierkilo.fr\/blog\/wp-content\/uploads\/2026\/01\/le-jeune-intermittent-au-feminin-astuces-pour-respecter-vos-hormones-et-votre-energie.jpg 1536w\" sizes=\"auto, (max-width: 1024px) 100vw, 1024px\" \/><\/a><\/figure>\n\n<div class=\"gb-container gb-container-f082c771\">\n<div class=\"gb-container gb-container-09855735\">\n<div class=\"gb-container gb-container-1021ee22\">\n<p class=\"gb-headline gb-headline-4ce4b8b7 gb-headline-text\"><time class=\"entry-date published\" datetime=\"2026-01-07T06:19:45+00:00\">7 janvier 2026<\/time><\/p>\n\n<a class=\"gb-button gb-button-148fe0be gb-button-text post-term-item post-term-jeune-intermittent-flexibilite-metabolique\" href=\"https:\/\/monpremierkilo.fr\/blog\/category\/jeune-intermittent-flexibilite-metabolique\/\">Je\u00fbne intermittent &amp; flexibilit\u00e9 m\u00e9tabolique<\/a>\n<\/div>\n\n<div class=\"gb-container gb-container-3b5f6f96\">\n<h2 class=\"gb-headline gb-headline-993af1ae gb-headline-text\"><a href=\"https:\/\/monpremierkilo.fr\/blog\/le-jeune-intermittent-au-feminin-astuces-pour-respecter-vos-hormones-et-votre-energie\/\">Le je\u00fbne intermittent au f\u00e9minin : astuces pour respecter vos hormones et votre \u00e9nergie<\/a><\/h2>\n\n<p class=\"gb-headline gb-headline-9d26b0dc gb-headline-text\"><a href=\"https:\/\/monpremierkilo.fr\/blog\/author\/chiaramoretti\/\">Chiara Moretti<\/a><\/p>\n<\/div>\n<\/div>\n\n<div class=\"gb-container gb-container-ecb5e10d\">\n<p class=\"gb-headline gb-headline-e8f35ea4 gb-headline-text\">Vous savez ce moment o\u00f9 vous ouvrez le frigo \u00e0 minuit, persuad\u00e9e que vous allez juste boire de l\u2019eau\u2026 et paf, y\u2019a le pot de Nutella qui vous regarde\u202f? Moi aussi. Et laissez-moi vous dire une chose, ce n\u2019est pas une question de volont\u00e9. C\u2019est souvent une question de timing \u2014 de votre timing hormonal, &#8230; <a title=\"Le je\u00fbne intermittent au f\u00e9minin : astuces pour respecter vos hormones et votre \u00e9nergie\" class=\"read-more\" href=\"https:\/\/monpremierkilo.fr\/blog\/le-jeune-intermittent-au-feminin-astuces-pour-respecter-vos-hormones-et-votre-energie\/\" aria-label=\"En savoir plus sur Le je\u00fbne intermittent au f\u00e9minin : astuces pour respecter vos hormones et votre \u00e9nergie\">Lire plus<\/a><\/p>\n\n\n<\/div>\n<\/div>\n<\/article><\/div>\n<\/div>\n\n\n\n<div class=\"gb-grid-wrapper gb-grid-wrapper-1d3436f3 gb-query-loop-wrapper\">\n<div class=\"gb-grid-column gb-grid-column-c98f83d4 gb-query-loop-item post-2283 post type-post status-publish format-standard has-post-thumbnail hentry category-jeune-intermittent-flexibilite-metabolique\"><article class=\"gb-container gb-container-c98f83d4\">\n<figure class=\"gb-block-image gb-block-image-8cb1fccd\"><a href=\"https:\/\/monpremierkilo.fr\/blog\/flexibilite-metabolique-le-secret-pour-jeuner-sans-souffrir-ni-craquer-a-la-moindre-fringale\/\"><img loading=\"lazy\" decoding=\"async\" width=\"1024\" height=\"683\" src=\"https:\/\/monpremierkilo.fr\/blog\/wp-content\/uploads\/2026\/01\/flexibilite-metabolique-le-secret-pour-jeuner-sans-souffrir-ni-craquer-a-la-moindre-fringale-1024x683.jpg\" class=\"gb-image-8cb1fccd\" alt=\"Flexibilit\u00e9 m\u00e9tabolique : le secret pour je\u00fbner sans souffrir ni craquer \u00e0 la moindre fringale\" srcset=\"https:\/\/monpremierkilo.fr\/blog\/wp-content\/uploads\/2026\/01\/flexibilite-metabolique-le-secret-pour-jeuner-sans-souffrir-ni-craquer-a-la-moindre-fringale-1024x683.jpg 1024w, https:\/\/monpremierkilo.fr\/blog\/wp-content\/uploads\/2026\/01\/flexibilite-metabolique-le-secret-pour-jeuner-sans-souffrir-ni-craquer-a-la-moindre-fringale-300x200.jpg 300w, https:\/\/monpremierkilo.fr\/blog\/wp-content\/uploads\/2026\/01\/flexibilite-metabolique-le-secret-pour-jeuner-sans-souffrir-ni-craquer-a-la-moindre-fringale-768x512.jpg 768w, https:\/\/monpremierkilo.fr\/blog\/wp-content\/uploads\/2026\/01\/flexibilite-metabolique-le-secret-pour-jeuner-sans-souffrir-ni-craquer-a-la-moindre-fringale.jpg 1536w\" sizes=\"auto, (max-width: 1024px) 100vw, 1024px\" \/><\/a><\/figure>\n\n<div class=\"gb-container gb-container-1618b1fb\">\n<p class=\"gb-headline gb-headline-ca936266 gb-headline-text\"><time class=\"entry-date published\" datetime=\"2026-01-04T22:19:45+00:00\">4 janvier 2026<\/time><\/p>\n\n<div class=\"gb-container gb-container-ee8d9729\">\n<a class=\"gb-button gb-button-211e755d gb-button-text post-term-item post-term-jeune-intermittent-flexibilite-metabolique\" href=\"https:\/\/monpremierkilo.fr\/blog\/category\/jeune-intermittent-flexibilite-metabolique\/\">Je\u00fbne intermittent &amp; flexibilit\u00e9 m\u00e9tabolique<\/a>\n<\/div>\n<\/div>\n\n<h2 class=\"gb-headline gb-headline-5bb81905 gb-headline-text\"><a href=\"https:\/\/monpremierkilo.fr\/blog\/flexibilite-metabolique-le-secret-pour-jeuner-sans-souffrir-ni-craquer-a-la-moindre-fringale\/\">Flexibilit\u00e9 m\u00e9tabolique : le secret pour je\u00fbner sans souffrir ni craquer \u00e0 la moindre fringale<\/a><\/h2>\n\n<p class=\"gb-headline gb-headline-ed8f9096 gb-headline-text\">Chiara Moretti<\/p>\n\n<p class=\"gb-headline gb-headline-5c3281ac gb-headline-text\">Vous savez ce moment o\u00f9 vous ouvrez le frigo \u00e0 minuit, persuad\u00e9e que vous allez juste boire de l\u2019eau\u2026 et paf, y\u2019a le pot de Nutella qui vous regarde ? On a toutes v\u00e9cu ce dialogue int\u00e9rieur ridicule : \u201cJe ne vais pas craquer.\u201d Et pourtant, deux cuill\u00e8res plus tard, on se promet de refaire &#8230; <a title=\"Flexibilit\u00e9 m\u00e9tabolique : le secret pour je\u00fbner sans souffrir ni craquer \u00e0 la moindre fringale\" class=\"read-more\" href=\"https:\/\/monpremierkilo.fr\/blog\/flexibilite-metabolique-le-secret-pour-jeuner-sans-souffrir-ni-craquer-a-la-moindre-fringale\/\" aria-label=\"En savoir plus sur Flexibilit\u00e9 m\u00e9tabolique : le secret pour je\u00fbner sans souffrir ni craquer \u00e0 la moindre fringale\">Lire plus<\/a><\/p>\n\n\n<\/article><\/div>\n\n<div class=\"gb-grid-column gb-grid-column-c98f83d4 gb-query-loop-item post-2281 post type-post status-publish format-standard has-post-thumbnail hentry category-jeune-intermittent-flexibilite-metabolique\"><article class=\"gb-container gb-container-c98f83d4\">\n<figure class=\"gb-block-image gb-block-image-8cb1fccd\"><a href=\"https:\/\/monpremierkilo.fr\/blog\/flexibilite-metabolique-larme-secrete-pour-arreter-de-lutter-contre-vos-envies-et-enfin-mincir\/\"><img loading=\"lazy\" decoding=\"async\" width=\"1024\" height=\"683\" src=\"https:\/\/monpremierkilo.fr\/blog\/wp-content\/uploads\/2026\/01\/flexibilite-metabolique-larme-secrete-pour-arreter-de-lutter-contre-vos-envies-et-enfin-mincir-1024x683.jpg\" class=\"gb-image-8cb1fccd\" alt=\"Flexibilit\u00e9 m\u00e9tabolique : l\u2019arme secr\u00e8te pour arr\u00eater de lutter contre vos envies et enfin mincir\" srcset=\"https:\/\/monpremierkilo.fr\/blog\/wp-content\/uploads\/2026\/01\/flexibilite-metabolique-larme-secrete-pour-arreter-de-lutter-contre-vos-envies-et-enfin-mincir-1024x683.jpg 1024w, https:\/\/monpremierkilo.fr\/blog\/wp-content\/uploads\/2026\/01\/flexibilite-metabolique-larme-secrete-pour-arreter-de-lutter-contre-vos-envies-et-enfin-mincir-300x200.jpg 300w, https:\/\/monpremierkilo.fr\/blog\/wp-content\/uploads\/2026\/01\/flexibilite-metabolique-larme-secrete-pour-arreter-de-lutter-contre-vos-envies-et-enfin-mincir-768x512.jpg 768w, https:\/\/monpremierkilo.fr\/blog\/wp-content\/uploads\/2026\/01\/flexibilite-metabolique-larme-secrete-pour-arreter-de-lutter-contre-vos-envies-et-enfin-mincir.jpg 1536w\" sizes=\"auto, (max-width: 1024px) 100vw, 1024px\" \/><\/a><\/figure>\n\n<div class=\"gb-container gb-container-1618b1fb\">\n<p class=\"gb-headline gb-headline-ca936266 gb-headline-text\"><time class=\"entry-date published\" datetime=\"2026-01-04T20:22:10+00:00\">4 janvier 2026<\/time><\/p>\n\n<div class=\"gb-container gb-container-ee8d9729\">\n<a class=\"gb-button gb-button-211e755d gb-button-text post-term-item post-term-jeune-intermittent-flexibilite-metabolique\" href=\"https:\/\/monpremierkilo.fr\/blog\/category\/jeune-intermittent-flexibilite-metabolique\/\">Je\u00fbne intermittent &amp; flexibilit\u00e9 m\u00e9tabolique<\/a>\n<\/div>\n<\/div>\n\n<h2 class=\"gb-headline gb-headline-5bb81905 gb-headline-text\"><a href=\"https:\/\/monpremierkilo.fr\/blog\/flexibilite-metabolique-larme-secrete-pour-arreter-de-lutter-contre-vos-envies-et-enfin-mincir\/\">Flexibilit\u00e9 m\u00e9tabolique : l\u2019arme secr\u00e8te pour arr\u00eater de lutter contre vos envies et enfin mincir<\/a><\/h2>\n\n<p class=\"gb-headline gb-headline-ed8f9096 gb-headline-text\">Chiara Moretti<\/p>\n\n<p class=\"gb-headline gb-headline-5c3281ac gb-headline-text\">Vous savez ce moment o\u00f9 vous ouvrez le frigo \u00e0 minuit, persuad\u00e9e que vous allez juste boire de l\u2019eau\u2026 et paf, y\u2019a le pot de Nutella qui vous regarde\u202f? Vous vous dites \u00ab\u00a0ce n\u2019est pas moi, c\u2019est la faim\u00a0\u00bb, vous vous promettez \u00ab\u00a0demain je me reprends\u00a0\u00bb, et vous recommencez. Si ces soir\u00e9es vous sont famili\u00e8res, &#8230; <a title=\"Flexibilit\u00e9 m\u00e9tabolique : l\u2019arme secr\u00e8te pour arr\u00eater de lutter contre vos envies et enfin mincir\" class=\"read-more\" href=\"https:\/\/monpremierkilo.fr\/blog\/flexibilite-metabolique-larme-secrete-pour-arreter-de-lutter-contre-vos-envies-et-enfin-mincir\/\" aria-label=\"En savoir plus sur Flexibilit\u00e9 m\u00e9tabolique : l\u2019arme secr\u00e8te pour arr\u00eater de lutter contre vos envies et enfin mincir\">Lire plus<\/a><\/p>\n\n\n<\/article><\/div>\n<\/div>\n\n<\/section><\/div>\n\n<div class=\"gb-grid-column gb-grid-column-bdf9fec1\"><section class=\"gb-container gb-container-bdf9fec1\">\n\n<div class=\"gb-grid-wrapper gb-grid-wrapper-ede072d6 gb-query-loop-wrapper\">\n<div class=\"gb-grid-column gb-grid-column-cddbd4bf gb-query-loop-item post-2265 post type-post status-publish format-standard has-post-thumbnail hentry category-jeune-intermittent-flexibilite-metabolique\"><article class=\"gb-container gb-container-cddbd4bf\">\n<figure class=\"gb-block-image gb-block-image-9a71f806\"><a href=\"https:\/\/monpremierkilo.fr\/blog\/quand-le-jeune-rencontre-votre-chronotype-la-perte-de-poids-devient-un-jeu-denfant\/\"><img loading=\"lazy\" decoding=\"async\" width=\"1024\" height=\"683\" src=\"https:\/\/monpremierkilo.fr\/blog\/wp-content\/uploads\/2025\/12\/quand-le-jeune-rencontre-votre-chronotype-la-perte-de-poids-devient-un-jeu-denfant-1-1024x683.jpg\" class=\"gb-image-9a71f806\" alt=\"Quand le je\u00fbne rencontre votre chronotype, la perte de poids devient un jeu d\u2019enfant\" srcset=\"https:\/\/monpremierkilo.fr\/blog\/wp-content\/uploads\/2025\/12\/quand-le-jeune-rencontre-votre-chronotype-la-perte-de-poids-devient-un-jeu-denfant-1-1024x683.jpg 1024w, https:\/\/monpremierkilo.fr\/blog\/wp-content\/uploads\/2025\/12\/quand-le-jeune-rencontre-votre-chronotype-la-perte-de-poids-devient-un-jeu-denfant-1-300x200.jpg 300w, https:\/\/monpremierkilo.fr\/blog\/wp-content\/uploads\/2025\/12\/quand-le-jeune-rencontre-votre-chronotype-la-perte-de-poids-devient-un-jeu-denfant-1-768x512.jpg 768w, https:\/\/monpremierkilo.fr\/blog\/wp-content\/uploads\/2025\/12\/quand-le-jeune-rencontre-votre-chronotype-la-perte-de-poids-devient-un-jeu-denfant-1.jpg 1536w\" sizes=\"auto, (max-width: 1024px) 100vw, 1024px\" \/><\/a><\/figure>\n\n<div class=\"gb-container gb-container-34733089\">\n<p class=\"gb-headline gb-headline-8b9307e2 gb-headline-text\"><time class=\"entry-date published\" datetime=\"2025-12-24T06:19:51+00:00\">24 d\u00e9cembre 2025<\/time><\/p>\n\n<a class=\"gb-button gb-button-edd06320 gb-button-text post-term-item post-term-jeune-intermittent-flexibilite-metabolique\" href=\"https:\/\/monpremierkilo.fr\/blog\/category\/jeune-intermittent-flexibilite-metabolique\/\">Je\u00fbne intermittent &amp; flexibilit\u00e9 m\u00e9tabolique<\/a>\n<\/div>\n\n<h2 class=\"gb-headline gb-headline-84c460cc gb-headline-text\"><a href=\"https:\/\/monpremierkilo.fr\/blog\/quand-le-jeune-rencontre-votre-chronotype-la-perte-de-poids-devient-un-jeu-denfant\/\">Quand le je\u00fbne rencontre votre chronotype, la perte de poids devient un jeu d\u2019enfant<\/a><\/h2>\n\n<p class=\"gb-headline gb-headline-20eaa387 gb-headline-text\"><a href=\"https:\/\/monpremierkilo.fr\/blog\/author\/chiaramoretti\/\">Chiara Moretti<\/a><\/p>\n\n<p class=\"gb-headline gb-headline-cee640fe gb-headline-text\">Vous savez ce moment o\u00f9 vous ouvrez le frigo \u00e0 minuit, persuad\u00e9e que vous allez juste boire de l&rsquo;eau\u2026 et paf, y\u2019a le pot de Nutella qui vous regarde ? J\u2019ai connu \u00e7a. Longtemps j\u2019ai cru que ma difficult\u00e9 \u00e0 perdre du poids tenait \u00e0 un manque de volont\u00e9. Puis j\u2019ai d\u00e9couvert deux mots qui &#8230; <a title=\"Quand le je\u00fbne rencontre votre chronotype, la perte de poids devient un jeu d\u2019enfant\" class=\"read-more\" href=\"https:\/\/monpremierkilo.fr\/blog\/quand-le-jeune-rencontre-votre-chronotype-la-perte-de-poids-devient-un-jeu-denfant\/\" aria-label=\"En savoir plus sur Quand le je\u00fbne rencontre votre chronotype, la perte de poids devient un jeu d\u2019enfant\">Lire plus<\/a><\/p>\n<\/article><\/div>\n\n<div class=\"gb-grid-column gb-grid-column-cddbd4bf gb-query-loop-item post-2261 post type-post status-publish format-standard has-post-thumbnail hentry category-jeune-intermittent-flexibilite-metabolique\"><article class=\"gb-container gb-container-cddbd4bf\">\n<figure class=\"gb-block-image gb-block-image-9a71f806\"><a href=\"https:\/\/monpremierkilo.fr\/blog\/flexibilite-metabolique-le-secret-pour-bruler-les-graisses-sans-regime-strict\/\"><img loading=\"lazy\" decoding=\"async\" width=\"1024\" height=\"683\" src=\"https:\/\/monpremierkilo.fr\/blog\/wp-content\/uploads\/2025\/12\/flexibilite-metabolique-le-secret-pour-bruler-les-graisses-sans-regime-strict-1-1024x683.jpg\" class=\"gb-image-9a71f806\" alt=\"Flexibilit\u00e9 m\u00e9tabolique : le secret pour br\u00fbler les graisses sans r\u00e9gime strict\" srcset=\"https:\/\/monpremierkilo.fr\/blog\/wp-content\/uploads\/2025\/12\/flexibilite-metabolique-le-secret-pour-bruler-les-graisses-sans-regime-strict-1-1024x683.jpg 1024w, https:\/\/monpremierkilo.fr\/blog\/wp-content\/uploads\/2025\/12\/flexibilite-metabolique-le-secret-pour-bruler-les-graisses-sans-regime-strict-1-300x200.jpg 300w, https:\/\/monpremierkilo.fr\/blog\/wp-content\/uploads\/2025\/12\/flexibilite-metabolique-le-secret-pour-bruler-les-graisses-sans-regime-strict-1-768x512.jpg 768w, https:\/\/monpremierkilo.fr\/blog\/wp-content\/uploads\/2025\/12\/flexibilite-metabolique-le-secret-pour-bruler-les-graisses-sans-regime-strict-1.jpg 1536w\" sizes=\"auto, (max-width: 1024px) 100vw, 1024px\" \/><\/a><\/figure>\n\n<div class=\"gb-container gb-container-34733089\">\n<p class=\"gb-headline gb-headline-8b9307e2 gb-headline-text\"><time class=\"entry-date published\" datetime=\"2025-12-21T22:19:51+00:00\">21 d\u00e9cembre 2025<\/time><\/p>\n\n<a class=\"gb-button gb-button-edd06320 gb-button-text post-term-item post-term-jeune-intermittent-flexibilite-metabolique\" href=\"https:\/\/monpremierkilo.fr\/blog\/category\/jeune-intermittent-flexibilite-metabolique\/\">Je\u00fbne intermittent &amp; flexibilit\u00e9 m\u00e9tabolique<\/a>\n<\/div>\n\n<h2 class=\"gb-headline gb-headline-84c460cc gb-headline-text\"><a href=\"https:\/\/monpremierkilo.fr\/blog\/flexibilite-metabolique-le-secret-pour-bruler-les-graisses-sans-regime-strict\/\">Flexibilit\u00e9 m\u00e9tabolique : le secret pour br\u00fbler les graisses sans r\u00e9gime strict<\/a><\/h2>\n\n<p class=\"gb-headline gb-headline-20eaa387 gb-headline-text\"><a href=\"https:\/\/monpremierkilo.fr\/blog\/author\/chiaramoretti\/\">Chiara Moretti<\/a><\/p>\n\n<p class=\"gb-headline gb-headline-cee640fe gb-headline-text\">Vous savez ce moment o\u00f9 vous ouvrez le frigo \u00e0 minuit, persuad\u00e9e que vous allez juste boire de l\u2019eau\u2026 et paf, y\u2019a le pot de Nutella qui vous regarde droit dans les yeux ? Si vous vous \u00eates d\u00e9j\u00e0 flagell\u00e9e en murmurant \u00ab j\u2019ai z\u00e9ro volont\u00e9 \u00bb, arr\u00eatez tout. Ce n\u2019est probablement pas une histoire &#8230; <a title=\"Flexibilit\u00e9 m\u00e9tabolique : le secret pour br\u00fbler les graisses sans r\u00e9gime strict\" class=\"read-more\" href=\"https:\/\/monpremierkilo.fr\/blog\/flexibilite-metabolique-le-secret-pour-bruler-les-graisses-sans-regime-strict\/\" aria-label=\"En savoir plus sur Flexibilit\u00e9 m\u00e9tabolique : le secret pour br\u00fbler les graisses sans r\u00e9gime strict\">Lire plus<\/a><\/p>\n<\/article><\/div>\n\n<div class=\"gb-grid-column gb-grid-column-cddbd4bf gb-query-loop-item post-2259 post type-post status-publish format-standard has-post-thumbnail hentry category-jeune-intermittent-flexibilite-metabolique\"><article class=\"gb-container gb-container-cddbd4bf\">\n<figure class=\"gb-block-image gb-block-image-9a71f806\"><a href=\"https:\/\/monpremierkilo.fr\/blog\/jeune-intermittent-pour-les-chronotypes-manger-au-bon-moment-pour-enfin-deverrouiller-la-perte-de-poids\/\"><img loading=\"lazy\" decoding=\"async\" width=\"1024\" height=\"683\" src=\"https:\/\/monpremierkilo.fr\/blog\/wp-content\/uploads\/2025\/12\/jeune-intermittent-pour-les-chronotypes-manger-au-bon-moment-pour-enfin-deverrouiller-la-perte-de-poids-1024x683.jpg\" class=\"gb-image-9a71f806\" alt=\"Je\u00fbne intermittent pour les chronotypes : manger au bon moment pour enfin d\u00e9verrouiller la perte de poids\" srcset=\"https:\/\/monpremierkilo.fr\/blog\/wp-content\/uploads\/2025\/12\/jeune-intermittent-pour-les-chronotypes-manger-au-bon-moment-pour-enfin-deverrouiller-la-perte-de-poids-1024x683.jpg 1024w, https:\/\/monpremierkilo.fr\/blog\/wp-content\/uploads\/2025\/12\/jeune-intermittent-pour-les-chronotypes-manger-au-bon-moment-pour-enfin-deverrouiller-la-perte-de-poids-300x200.jpg 300w, https:\/\/monpremierkilo.fr\/blog\/wp-content\/uploads\/2025\/12\/jeune-intermittent-pour-les-chronotypes-manger-au-bon-moment-pour-enfin-deverrouiller-la-perte-de-poids-768x512.jpg 768w, https:\/\/monpremierkilo.fr\/blog\/wp-content\/uploads\/2025\/12\/jeune-intermittent-pour-les-chronotypes-manger-au-bon-moment-pour-enfin-deverrouiller-la-perte-de-poids.jpg 1536w\" sizes=\"auto, (max-width: 1024px) 100vw, 1024px\" \/><\/a><\/figure>\n\n<div class=\"gb-container gb-container-34733089\">\n<p class=\"gb-headline gb-headline-8b9307e2 gb-headline-text\"><time class=\"entry-date published\" datetime=\"2025-12-19T14:19:51+00:00\">19 d\u00e9cembre 2025<\/time><\/p>\n\n<a class=\"gb-button gb-button-edd06320 gb-button-text post-term-item post-term-jeune-intermittent-flexibilite-metabolique\" href=\"https:\/\/monpremierkilo.fr\/blog\/category\/jeune-intermittent-flexibilite-metabolique\/\">Je\u00fbne intermittent &amp; flexibilit\u00e9 m\u00e9tabolique<\/a>\n<\/div>\n\n<h2 class=\"gb-headline gb-headline-84c460cc gb-headline-text\"><a href=\"https:\/\/monpremierkilo.fr\/blog\/jeune-intermittent-pour-les-chronotypes-manger-au-bon-moment-pour-enfin-deverrouiller-la-perte-de-poids\/\">Je\u00fbne intermittent pour les chronotypes : manger au bon moment pour enfin d\u00e9verrouiller la perte de poids<\/a><\/h2>\n\n<p class=\"gb-headline gb-headline-20eaa387 gb-headline-text\"><a href=\"https:\/\/monpremierkilo.fr\/blog\/author\/chiaramoretti\/\">Chiara Moretti<\/a><\/p>\n\n<p class=\"gb-headline gb-headline-cee640fe gb-headline-text\">Vous savez ce moment o\u00f9 vous ouvrez le frigo \u00e0 minuit, persuad\u00e9e que vous allez juste boire de l\u2019eau\u2026 et paf, y\u2019a le pot de Nutella qui vous regarde ? J\u2019ai eu ce moment. Plusieurs. Et je vous le dis cash : ce n\u2019\u00e9tait pas un manque de volont\u00e9. C\u2019\u00e9tait du timing. Si vous luttez &#8230; <a title=\"Je\u00fbne intermittent pour les chronotypes : manger au bon moment pour enfin d\u00e9verrouiller la perte de poids\" class=\"read-more\" href=\"https:\/\/monpremierkilo.fr\/blog\/jeune-intermittent-pour-les-chronotypes-manger-au-bon-moment-pour-enfin-deverrouiller-la-perte-de-poids\/\" aria-label=\"En savoir plus sur Je\u00fbne intermittent pour les chronotypes : manger au bon moment pour enfin d\u00e9verrouiller la perte de poids\">Lire plus<\/a><\/p>\n<\/article><\/div>\n<\/div>\n\n<\/section><\/div>\n<\/div>\n<\/section>","protected":false},"excerpt":{"rendered":"","protected":false},"author":0,"featured_media":0,"parent":0,"menu_order":0,"comment_status":"closed","ping_status":"closed","template":"","meta":{"footnotes":""},"class_list":["post-144","page","type-page","status-publish"],"_links":{"self":[{"href":"https:\/\/monpremierkilo.fr\/blog\/wp-json\/wp\/v2\/pages\/144","targetHints":{"allow":["GET"]}}],"collection":[{"href":"https:\/\/monpremierkilo.fr\/blog\/wp-json\/wp\/v2\/pages"}],"about":[{"href":"https:\/\/monpremierkilo.fr\/blog\/wp-json\/wp\/v2\/types\/page"}],"replies":[{"embeddable":true,"href":"https:\/\/monpremierkilo.fr\/blog\/wp-json\/wp\/v2\/comments?post=144"}],"version-history":[{"count":0,"href":"https:\/\/monpremierkilo.fr\/blog\/wp-json\/wp\/v2\/pages\/144\/revisions"}],"wp:attachment":[{"href":"https:\/\/monpremierkilo.fr\/blog\/wp-json\/wp\/v2\/media?parent=144"}],"curies":[{"name":"wp","href":"https:\/\/api.w.org\/{rel}","templated":true}]}}